{"id":3,"date":"2023-01-18T13:32:10","date_gmt":"2023-01-18T12:32:10","guid":{"rendered":"https:\/\/newbuild.orcavanloon.de\/?page_id=3"},"modified":"2025-07-31T17:35:37","modified_gmt":"2025-07-31T15:35:37","slug":"datenschutz","status":"publish","type":"page","link":"https:\/\/orcavanloon.de\/en_en\/datenschutz\/","title":{"rendered":"Data protection"},"content":{"rendered":"<div class=\"fusion-fullwidth fullwidth-box fusion-builder-row-1 fusion-flex-container nonhundred-percent-fullwidth non-hundred-percent-height-scrolling\" style=\"--awb-border-radius-top-left:0px;--awb-border-radius-top-right:0px;--awb-border-radius-bottom-right:0px;--awb-border-radius-bottom-left:0px;--awb-flex-wrap:wrap;\" ><div class=\"fusion-builder-row fusion-row fusion-flex-align-items-flex-start fusion-flex-content-wrap\" style=\"max-width:1248px;margin-left: calc(-4% \/ 2 );margin-right: calc(-4% \/ 2 );\"><div class=\"fusion-layout-column fusion_builder_column fusion-builder-column-0 fusion_builder_column_1_1 1_1 fusion-flex-column\" style=\"--awb-bg-size:cover;--awb-width-large:100%;--awb-margin-top-large:0px;--awb-spacing-right-large:1.92%;--awb-margin-bottom-large:0px;--awb-spacing-left-large:1.92%;--awb-width-medium:100%;--awb-spacing-right-medium:1.92%;--awb-spacing-left-medium:1.92%;--awb-width-small:100%;--awb-spacing-right-small:1.92%;--awb-spacing-left-small:1.92%;\"><div class=\"fusion-column-wrapper fusion-flex-justify-content-flex-start fusion-content-layout-column\"><div class=\"fusion-text fusion-text-1\"><header id=\"mk-header-1\" class=\"mk-header header-style-1 header-align-left js-logo-middle logo-in-middle toolbar-false menu-hover-2 sticky-style-fixed mk-background-stretch boxed-header a-sticky\" role=\"banner\" data-height=\"100\" data-sticky-height=\"80\" data-responsive-height=\"60\" data-transparent-skin=\"\" data-header-style=\"1\" data-sticky-style=\"fixed\" data-sticky-offset=\"50%\"><strong><u>Information on data protection<\/u><\/strong><\/p>\n<p><strong>\u00a0<\/strong><\/p>\n<p><strong>Damit Sie den \u00dcberblick behalten<\/strong><\/p>\n<p>Mit diesen Datenschutzhinweisen informieren wir Sie \u00fcber unseren Umgang mit Ihren personenbezogenen Daten und \u00fcber Ihre Rechte nach der Europ\u00e4ischen Datenschutz-Grundverordnung (DSGVO) und dem Bundesdatenschutzgesetz (BDSG). Verantwortlich f\u00fcr die Datenverarbeitungen ist (wenn nachfolgend nicht anders angegeben) die ORCA van Loon Communications GmbH (nachfolgend als \u201ewir\u201c oder \u201euns\u201c bezeichnet).<\/p>\n<p>Unsere Datenschutzhinweise bestehen aus zwei Teilen. In Teil A erhalten Sie allgemeine Informationen zum Datenschutz bei der ORCA van Loon Communications GmbH und erfahren unter anderem, welche Rechte Sie haben und wo Sie diese geltend machen k\u00f6nnen. Teil B widmet sich den verschiedenen Betroffenengruppen und erl\u00e4utert detailliert, welche Daten wir \u00fcber Sie erheben und verarbeiten. Dabei adressieren wir Sie in Ihrer Rolle als:<\/p>\n<p><strong>a. Besucher:innen<\/strong> <strong>unserer Websites;<\/strong><\/p>\n<p><strong>b. Ansprechpersonen bei Dienstleistern, Lieferanten und Gesch\u00e4ftspartnern<\/strong><strong>;<\/strong><\/p>\n<p><strong>c. Bewerber:innen;<\/strong><\/p>\n<p><strong>d. Social-Media-Besucher:innen<\/strong>.<\/p>\n<p><strong>\u00a0<\/strong><\/p>\n<p><strong>A. Allgemeine Angaben<\/strong><\/p>\n<p><strong>\u00a0<\/strong><\/p>\n<ol>\n<li><strong>Unsere Kontaktdaten<\/strong><\/li>\n<\/ol>\n<p>Wenn Sie Fragen oder Anregungen zu diesen Informationen haben oder Ihre Rechte geltend machen m\u00f6chten, richten Sie Ihre Anfrage bitte an<\/p>\n<p>ORCA van Loon Communications GmbH<\/p>\n<p>Steinh\u00f6ft 5-7<\/p>\n<p>20459 Hamburg<\/p>\n<p>info@orcavanloon.de<\/p>\n<p>+49 (0) 40 6963855 -0<\/p>\n<ol start=\"2\">\n<li><strong>Auf welcher Basis verarbeiten wir Ihre Daten?<\/strong><\/li>\n<\/ol>\n<p>Der datenschutzrechtliche Begriff \u201epersonenbezogene Daten\u201c bezeichnet alle Informationen, die sich auf einen bestimmten oder bestimmbaren Menschen beziehen. Wir verarbeiten personenbezogene Daten unter Beachtung der einschl\u00e4gigen Datenschutzvorschriften, insbesondere der DSGVO und des BDSG. Eine Datenverarbeitung durch uns findet nur auf der Grundlage einer gesetzlichen Erlaubnis statt. Wir verarbeiten personenbezogene Daten nur mit Ihrer Einwilligung (Art. 6 Abs. 1 Buchst. a DSGVO), zur Erf\u00fcllung eines Vertrags, dessen Vertragspartei Sie sind oder auf Ihre Anfrage zur Durchf\u00fchrung vorvertraglicher Ma\u00dfnahmen (Art. 6 Abs. 1 Buchst. b DSGVO), zur Erf\u00fcllung einer rechtlichen Verpflichtung (Art. 6 Abs. 1 Buchst. c DSGVO) oder wenn die Verarbeitung zur Wahrung unserer berechtigten Interessen oder der berechtigten Interessen eines Dritten erforderlich ist, sofern nicht Ihre Interessen oder Grundrechte und Grundfreiheiten, die den Schutz personenbezogener Daten erfordern, \u00fcberwiegen (Art. 6 Abs. 1 Buchst. f DSGVO).<\/p>\n<p>Wenn Sie sich auf eine offene Stelle in unserem Unternehmen bewerben, verarbeiten wir Ihre personenbezogenen Daten au\u00dferdem zur Entscheidung \u00fcber die Begr\u00fcndung eines Besch\u00e4ftigungsverh\u00e4ltnisses (\u00a7 26 Abs. 1 S. 1 BDSG bzw. Art. 6 Abs. 1 Buchst. b DSGVO).<\/p>\n<p><strong>\u00a0<\/strong><\/p>\n<ol start=\"3\">\n<li><strong>Ihre Rechte <\/strong><\/li>\n<\/ol>\n<p>Sie bestimmen \u00fcber Ihre Daten! Als betroffene Person haben Sie deshalb das Recht, uns gegen\u00fcber Ihre Betroffenenrechte geltend zu machen. Dabei haben Sie im Rahmen der f\u00fcr Sie geltenden Datenschutzgesetze die folgenden Rechte:<\/p>\n<ul>\n<li>In accordance with Art. 15 GDPR and \u00a7 34 BDSG, you have the right to request information about whether and, if so, to what extent we process personal data about you or not.<\/li>\n<li>You have the right to request that we correct your data in accordance with Art. 16 GDPR.<\/li>\n<li>You have the right, in accordance with Art. 17 GDPR and \u00a7 35 BDSG, to request that we delete your personal data.<\/li>\n<li>You have the right, in accordance with Art. 18 GDPR, to have the processing of your personal data restricted.<\/li>\n<li>You have the right, in accordance with Art. 20 GDPR, to receive the personal data concerning you, which you have provided to us, in a structured, commonly used and machine-readable format and have the right to transmit those data to another controller.<\/li>\n<li>If you have given us a separate consent to the data processing, you can revoke this consent at any time in accordance with Art. 7 (3) GDPR. Such a revocation does not affect the lawfulness of the processing that has taken place up to the point of revocation on the basis of the consent.<\/li>\n<li>If you believe that the processing of personal data concerning you is in breach of the provisions of the GDPR, you have the right to lodge a complaint with a supervisory authority in accordance with Art. 77 GDPR.<\/li>\n<\/ul>\n<p>In accordance with Art. 21 (1) GDPR, you have the right to object to processing based on the legal basis of Art. 6 (1) (e) or (f) GDPR for reasons arising from your particular situation. If we process personal data about you for the purpose of direct marketing, you can object to this processing in accordance with Art. 21 (2) and (3) GDPR.<\/p>\n<p>If you exercise your rights under Articles 15 to 22 GDPR, we process the personal data transmitted for the purpose of implementing these rights and to be able to provide proof of this. We will only process data stored for the purpose of providing and preparing information for this purpose and for the purpose of data protection control and will otherwise restrict processing in accordance with Article 18 GDPR.<\/p>\n<p>These processing operations are based on the legal basis of Article 6(1)(c) GDPR in conjunction with Articles 15 to 22 GDPR and Section 34(2) BDSG.<\/p>\n<p><strong>\u00a0<\/strong><\/p>\n<ol start=\"4\">\n<li><strong>Wo verarbeiten wir Ihre Daten?<\/strong><\/li>\n<\/ol>\n<p>Grunds\u00e4tzlich verarbeiten wir Ihre Daten auf Europ\u00e4ischen Servern mit den h\u00f6chsten Sicherheitsstandards. Bei der Erbringung unserer Leistung werden wir von externen Dienstleistern unterst\u00fctzt, an die wir Ihre Daten senden. Einige Datenverarbeitungen k\u00f6nnen mit der \u00dcbermittlung bestimmter personenbezogener Daten in Drittl\u00e4nder, also L\u00e4nder, in denen die DSGVO nicht geltendes Recht ist, verbunden sein. Eine solche \u00dcbermittlung erfolgt in zul\u00e4ssiger Weise, wenn die Europ\u00e4ische Kommission festgestellt hat, dass in einem solchen Drittland ein angemessenes Datenschutzniveau geboten ist. Dies gilt f\u00fcr alle \u00dcbermittlungen an L\u00e4nder dieser Auflistung: <a href=\"https:\/\/commission.europa.eu\/law\/law-topic\/data-protection\/international-dimension-data-protection\/adequacy-decisions_en\">https:\/\/commission.europa.eu\/law\/law-topic\/data-protection\/international-dimension-data-protection\/adequacy-decisions_en<\/a>.<\/p>\n<p>Wenn ein solcher Angemessenheitsbeschluss der Europ\u00e4ischen Kommission nicht vorliegt, erfolgt eine \u00dcbermittlung personenbezogener Daten in ein Drittland nur beim Vorliegen geeigneter Garantien gem. Art. 46 DSGVO oder wenn eine der Voraussetzungen des Art. 49 DSGVO gegeben ist.<\/p>\n<p>Sofern kein Angemessenheitsbeschluss vorliegt und im Folgenden nichts anderes angegeben ist, verwenden wir f\u00fcr die \u00dcbermittlung personenbezogener Daten vom Geltungsbereich der DSGVO in Drittl\u00e4ndern als geeignete Garantien die EU- Standarddatenschutzklauseln. Sie haben die M\u00f6glichkeit, diese EU-Standarddatenschutzklauseln in Kopie zu erhalten oder einzusehen. Bitte wenden Sie sich dazu an die unter Kontakt angegebene Adresse.<\/p>\n<p>If you consent to the transfer of personal data to third countries, the transfer will be carried out on the legal basis of Article 49(1)(a) of the GDPR.<\/p>\n<ol start=\"5\">\n<li><strong>An wen und warum geben wir Ihre personenbezogenen Daten weiter?<\/strong><\/li>\n<\/ol>\n<p>Um unsere Leistungen zu erbringen und als Unternehmen wirtschaftlich agieren zu k\u00f6nnen, bedienen wir uns diverser externer Unternehmen, an die wir in einigen F\u00e4llen personenbezogene Daten \u00fcbermitteln. Sofern bei einigen Betroffenengruppen weitere spezifische Empf\u00e4nger personenbezogene Daten enthalten, informieren wir Sie dar\u00fcber in Teil B.<\/p>\n<ul>\n<li>Hostinganbieter: Wir beauftragen Dienstleister zum Hosting unserer Daten, die \u00fcber h\u00f6chste Sicherheitsstandards verf\u00fcgen.<\/li>\n<li>IT-Dienstleister und SaaS-Anbieter: Wir beanspruchen die Leistungen von diversen Service-Anbietern, die uns als Auftragsverarbeiter unterst\u00fctzen und unsere Prozesse vereinfachen und optimieren.<\/li>\n<li>Werbe- und Marketinganbieter: Mit Hilfe von Werbe- und Marketinganbietern m\u00f6chten wir unsere Markenbekanntheit steigern und unsere Kund:innenbindung erh\u00f6hen. Hierf\u00fcr werden Kampagnen geplant, ausgespielt und deren Erfolg gemessen und analysiert. Bei den Anbietern handelt es sich in der Regel ebenfalls um Auftragsverarbeiter.<\/li>\n<li>Beh\u00f6rden: Zur Einhaltung gesetzlicher Vorschriften oder zur Beantwortung gerichtlicher Anordnungen oder anderer \u00e4hnlicher beh\u00f6rdlicher Aufforderungen k\u00f6nnen weitere \u00dcbermittlungen stattfinden.<\/li>\n<li>Sonstige Dienstleister: Im \u00dcbrigen \u00fcbermitteln wir Ihre personenbezogenen Daten ggf. an Stellen wie Post- und Zustelldienste, Hausbank, Steuerberatungs-\/Wirtschaftspr\u00fcfungsgesellschaften, Rechtsanw\u00e4lte, Inkassodienstleister sowie an Dienstleister zur Daten- und Aktenvernichtung.<\/li>\n<\/ul>\n<ol start=\"6\">\n<li><strong>Wie lange speichern wir Ihre Daten? <\/strong><\/li>\n<\/ol>\n<p>Sofern sich aus den folgenden Hinweisen nichts anderes ergibt, speichern wir die Daten nur so lange, wie es zur Erreichung des Verarbeitungszwecks oder f\u00fcr die Erf\u00fcllung unserer vertraglichen oder gesetzlichen Pflichten erforderlich ist. Solche gesetzlichen Aufbewahrungspflichten k\u00f6nnen sich insbesondere aus handels- oder steuerrechtlichen Vorschriften ergeben. Ab dem Schluss des Kalenderjahres, in dem die Daten erhoben wurden, werden wir solche personenbezogenen Daten, die in unseren Buchhaltungsdaten enthalten sind, f\u00fcr acht bzw. zehn Jahre aufbewahren und in Handelsbriefen und Vertr\u00e4gen vorhandene personenbezogene Daten f\u00fcr sechs Jahre aufbewahren. Im \u00dcbrigen werden wir Daten im Zusammenhang mit nachweispflichtigen Einwilligungen sowie mit Reklamations- und Forderungsanspr\u00fcchen f\u00fcr die Dauer der gesetzlichen Verj\u00e4hrungsfristen aufbewahren. F\u00fcr Werbezwecke gespeicherte Daten werden wir l\u00f6schen, wenn Sie der Verarbeitung zu diesem Zweck widersprechen.<\/p>\n<p><strong>\u00a0<\/strong><\/p>\n<ol start=\"7\">\n<li><strong>Wie verwenden wir \u201eCookies\u201c und andere Tracking-Technologien?<\/strong><\/li>\n<\/ol>\n<p>Wir verwenden Cookies und \u00e4hnliche Technologien auf unseren Websites. Mehr Informationen dar\u00fcber, wie wir diese Technologien verwenden, haben wir in unseren Cookie-Bannern zusammengestellt. Die Banner sind \u00fcber ein Cookie-Symbol am Bildschirmrand aufrufbar. Dort finden Sie auch eine Liste anderer Unternehmen, die Cookies auf unseren Websites platzieren und Daten auf Basis Ihrer Einwilligung nach Art. 6 Abs. 1 Buchst. a DSGVO verarbeiten, eine Liste von Cookies, die wir platzieren, und eine Erkl\u00e4rung, wie Sie bestimmte Arten von Cookies ablehnen k\u00f6nnen.<\/p>\n<ol start=\"8\">\n<li><strong>Wie k\u00f6nnen Sie unseren Datenschutzbeauftragten erreichen?<\/strong><\/li>\n<\/ol>\n<p>Unseren Datenschutzbeauftragten erreichen Sie unter folgenden Kontaktdaten:<\/p>\n<p>E-Mail: <a href=\"mailto:datenschutzbeauftragter@orcavanloon.de\">datenschutzbeauftragter@orcavanloon.de<\/a><\/p>\n<p>Herting Oberbeck Datenschutz GmbH<\/p>\n<div class=\"video-shortcode\">\n<blockquote class=\"wp-embedded-content\" data-secret=\"lOQ9MMOuqz\">\n<p><a href=\"https:\/\/www.datenschutzkanzlei.de\/\">Startseite<\/a><\/p>\n<\/blockquote>\n<p><iframe class=\"wp-embedded-content\" sandbox=\"allow-scripts\" security=\"restricted\" style=\"position: absolute; visibility: hidden;\" title=\"&#8222;Startseite&#8220; &#8212; Datenschutzkanzlei\" src=\"https:\/\/www.datenschutzkanzlei.de\/embed\/#?secret=aUu3KgcMNZ#?secret=lOQ9MMOuqz\" data-secret=\"lOQ9MMOuqz\" width=\"600\" height=\"338\" frameborder=\"0\" marginwidth=\"0\" marginheight=\"0\" scrolling=\"no\"><\/iframe><\/div>\n<p><strong>\u00a0<\/strong><\/p>\n<p><strong>B. Besonderer Teil \u2013 Wie und wozu wir Ihre Daten verarbeiten<\/strong><\/p>\n<p><strong>a. Besucher:innen unserer Websites<\/strong><\/p>\n<ol>\n<li>Wir verarbeiten pseudonyme Informationen \u00fcber das Ger\u00e4t und den Browser, das bzw. den Sie verwenden, Server-Log-Files, Ihre Netzwerkverbindung und Ihre IP-Adresse zu folgenden <strong>Zwecken<\/strong>:<br \/>\n&#8211; Gew\u00e4hrleistung der Sicherheit, Betriebsf\u00e4higkeit und Stabilit\u00e4t unserer Websites einschlie\u00dflich der Abwehr von Angriffen.<\/li>\n<\/ol>\n<p><strong>\u00a0<\/strong><\/p>\n<p><strong>Rechtsgrundlage<\/strong>: Berechtigtes Interesse nach Art. 6 Abs. 1 Buchst. f DSGVO an der einwandfreien Funktionalit\u00e4t und Stabilit\u00e4t der Website.<\/p>\n<p>2) Wir verarbeiten Informationen dar\u00fcber, wie Sie sich auf der Website verhalten. Das beinhaltet die IP-Adresse sowie User-IDs, die teilweise von Drittanbietern vergeben werden und erfolgt zu folgenden <strong>Zwecken<\/strong>:<\/p>\n<ul>\n<li>Reichweitenmessung und Analyse des Verhaltens der Besucher:innen zur Optimierung unserer Websites, Steigerung der Kund:innenzufriedenheit und Fehleranalyse;<\/li>\n<li>Einbindung von Drittinhalten.<\/li>\n<\/ul>\n<p><strong>Rechtsgrundlage<\/strong>: Einwilligung nach Art. 6 Abs. 1 Buchst. a DSGVO, die wir \u00fcber die Consent-Banner auf unseren Websites einholen und die Sie \u00fcber das Cookie-Symbol am Bildschirmrand jederzeit widerrufen oder anpassen k\u00f6nnen.<\/p>\n<p><strong>b. Ansprechpersonen bei Dienstleistern, Lieferanten und Gesch\u00e4ftspartnern<\/strong><\/p>\n<p><strong>\u00a0<\/strong><\/p>\n<p>Wir verarbeiten Daten, die Sie uns \u00fcber sich und das Unternehmen, in dem Sie t\u00e4tig sind, zur Verf\u00fcgung stellen, wie z. B. Ihren Namen, Ihre E-Mail-Adresse und Ihre Telefonnummer f\u00fcr folgende Zwecke:<\/p>\n<ul>\n<li>Erf\u00fcllung des Vertrages mit dem Unternehmen, in dem Sie t\u00e4tig sind (das beinhaltet die Vertragsverwaltung, Dokumentationen zur laufenden Zusammenarbeit, Abrechnungen und Kommunikation).<\/li>\n<\/ul>\n<p><strong>Rechtsgrundlage<\/strong>: Berechtigtes Interesse nach Art. 6 Abs. 1 Buchst. f DSGVO an der Erf\u00fcllung des Vertrages zwischen dem Unternehmen, in dem Sie t\u00e4tig sind und uns.<\/p>\n<p><strong>c. Bewerber:innen <\/strong><\/p>\n<p><strong>\u00a0<\/strong><\/p>\n<p>Daten, die Sie uns im Zuge Ihrer Bewerbung bereitstellen oder die uns eine Personalvermittlungsagentur von Ihnen \u00fcbermittelt. Hierbei handelt es sich um Angaben zu Ihrem Lebenslauf, Ihrem bisherigen Werdegang und weiteren Daten, die wir zu folgenden <strong>Zwecken<\/strong> verarbeiten:<\/p>\n<ul>\n<li>Feststellung, ob eine Besch\u00e4ftigung in Frage kommt;<\/li>\n<li>Anbahnung eines Besch\u00e4ftigungsverh\u00e4ltnisses.<\/li>\n<\/ul>\n<p><strong>\u00a0<\/strong><\/p>\n<p><strong>Rechtsgrundlage<\/strong>: Vertragsanbahnung nach Art. 6 Abs. 1 Buchst. b DSGVO und \u00a7 26 Abs. 1 S. 1 BDSG.<\/p>\n<ul>\n<li>Erf\u00fcllung gesetzlicher Aufbewahrungspflichten oder Abwehr von Rechtsanspr\u00fcchen.<\/li>\n<\/ul>\n<p><strong>Rechtsgrundlage<\/strong>: Einhaltung gesetzlicher Verpflichtungen nach Art. 6 Abs. 1 Buchst. c DSGVO.<\/p>\n<ul>\n<li>Aufnahme in unseren Talent-Pool zur sp\u00e4teren erneuten Kontaktaufnahme, wenn vorerst kein Besch\u00e4ftigungsverh\u00e4ltnis zustande kommt.<\/li>\n<\/ul>\n<p><strong>Rechtsgrundlage<\/strong>: Einwilligung nach Art. 6 Abs. 1 Buchst. a DSGVO, die Sie jederzeit widerrufen k\u00f6nnen, in dem Sie sich an die oben genannten Kontaktdaten wenden.<\/p>\n<p><strong>\u00a0<\/strong><\/p>\n<p>Sollten wir Ihnen keine Besch\u00e4ftigung anbieten k\u00f6nnen, werden wir die von Ihnen \u00fcbermittelten Bewerbungsunterlagen bis zu sechs Monate nach einer etwaigen Ablehnung f\u00fcr den Zweck aufbewahren, Fragen im Zusammenhang mit Ihrer Bewerbung und Ablehnung zu beantworten. Dies gilt nicht, sofern gesetzliche Bestimmungen einer L\u00f6schung entgegenstehen, die weitere Speicherung zum Zwecke der Beweisf\u00fchrung erforderlich ist oder Sie einer l\u00e4ngeren Speicherung ausdr\u00fccklich zugestimmt haben.<\/p>\n<p><strong>\u00a0<\/strong><\/p>\n<p><strong>d. Social-Media-Besucher:innen<\/strong><\/p>\n<p><strong>\u00a0<\/strong><\/p>\n<p><strong>1) Verantwortlichkeit der Social-Media-Anbieter<\/strong><\/p>\n<p>Wenn Sie unsere Social-Media-Seiten (Instagram, LinkedIn, XING) besuchen, auf denen wir unser Unternehmen pr\u00e4sentieren, werden bestimmte Informationen \u00fcber Sie als Besucher:in verarbeitet.<\/p>\n<p><strong>\u00a0<\/strong><\/p>\n<p><strong>Weitere Informationen:<\/strong><\/p>\n<p>Instagram:<\/p>\n<ul>\n<li><a href=\"https:\/\/de-de.facebook.com\/privacy\/policy\/\">Datenschutzrichtlinie<\/a>von Meta Platforms Ireland Limited<\/li>\n<li><a href=\"https:\/\/www.facebook.com\/settings?tab=ads\">Opt-out-Option<\/a><\/li>\n<\/ul>\n<p>LinkedIn: <a href=\"https:\/\/de.linkedin.com\/legal\/privacy-policy?trk=homepage-basic_footer-privacy-policy\">Datenschutzrichtlinie<\/a>\u00a0von LinkedIn Ireland Unlimited Company<\/p>\n<p>XING: <a href=\"https:\/\/privacy.xing.com\/de\/datenschutzerklaerung\/welche-rechte-koennen-sie-geltend-machen\">Datenschutzerkl\u00e4rung<\/a> der New Work SE<\/p>\n<p><strong>2) Gemeinsame Verantwortlichkeit der Social-Media-Anbieter und der ORCA van Loon Communications GmbH (gemeinsam Verantwortliche) <\/strong><\/p>\n<p>Die Social-Media-Anbieter erheben und verarbeiten Eventdaten und senden uns anonymisierte Statistiken und Daten f\u00fcr unsere Seiten, die uns helfen, Erkenntnisse \u00fcber die verschiedenen Aktivit\u00e4ten zu gewinnen, die Besucher:innen auf unserer Seite durchf\u00fchren (sogenannte \u201cSeiten Insights\u201d). Diese Seiten Insights werden auf der Grundlage bestimmter Informationen \u00fcber Personen erstellt, die unsere Seite(n) besucht haben.<\/p>\n<p><strong>Weitere Informationen: <\/strong><\/p>\n<p>Instagram:<\/p>\n<ul>\n<li><a href=\"https:\/\/www.facebook.com\/legal\/terms\/information_about_page_insights_data\">Joint Controller Agreement<\/a><\/li>\n<li>Betroffenenrechte k\u00f6nnen auch gegen\u00fcber Meta geltend gemacht werden. Weitere Informationen dazu findest Sie in der\u00a0<a href=\"https:\/\/de-de.facebook.com\/privacy\/policy\/\">Datenschutzrichtlinie<\/a>.<\/li>\n<\/ul>\n<p><strong>\u00a0<\/strong><\/p>\n<p>LinkedIn:<\/p>\n<ul>\n<li><a href=\"https:\/\/legal.linkedin.com\/pages-joint-controller-addendum\">Joint Controller Agreement<\/a><\/li>\n<li>Betroffenenrechte k\u00f6nnen \u00fcber dieses\u00a0<a href=\"https:\/\/www.linkedin.com\/help\/linkedin\/ask\/PPQ?lang=de\">Kontaktformular<\/a>bei LinkedIn geltend gemacht werden. Sie k\u00f6nnen den Datenschutzbeauftragten von LinkedIn \u00fcber diesen\u00a0<a href=\"https:\/\/www.linkedin.com\/help\/linkedin\/ask\/TSO-DPO\">Link<\/a><\/li>\n<li>LinkedIn und wir haben vereinbart, dass die irische Datenschutzkommission die zust\u00e4ndige Aufsichtsbeh\u00f6rde ist, die die Verarbeitung von Seiten Insights \u00fcberwacht. Sie k\u00f6nnen Ihre Beschwerde bei der irischen Datenschutzkommission (siehe\u00a0<a href=\"http:\/\/www.dataprotection.ie\/\">data protection.ie)<\/a>oder bei einer anderen Aufsichtsbeh\u00f6rde einreichen.<\/li>\n<\/ul>\n<p>XING:<\/p>\n<ul>\n<li><a href=\"https:\/\/www.xing.com\/terms\/onlyfy-bewerbungsmanager\">Joint Controller Agreement<\/a><\/li>\n<li>Informationen zur Geltendmachung Ihrer Betroffenenrechte bei der New Work SE finden Sie <a href=\"https:\/\/privacy.xing.com\/de\/datenschutzerklaerung\/welche-rechte-koennen-sie-geltend-machen\">hier<\/a>.<\/li>\n<\/ul>\n<p><strong>3) In Verantwortlichkeit der ORCA van Loon Communications GmbH<\/strong><\/p>\n<p>Wir verarbeiten Informationen, die Sie uns \u00fcber unsere Social-Media-Kan\u00e4le auf der jeweiligen Social-Media-Plattform zur Verf\u00fcgung gestellt haben. Bei diesen Informationen kann es sich um den verwendeten Namen, Kontaktinformationen oder eine Nachricht an uns handeln.<\/p>\n<p>Rechtsgrundlage: Berechtigtes Interesse nach Art. 6 Abs. 1 Buchst. f DSGVO an der Kommunikation mit Interessent:innen und Follower:innen.<\/p>\n<p><strong>\u00a0<\/strong><\/p>\n<\/header>\n<\/div><\/div><\/div><\/div><\/div>","protected":false},"excerpt":{"rendered":"","protected":false},"author":6,"featured_media":0,"parent":0,"menu_order":0,"comment_status":"closed","ping_status":"open","template":"","meta":{"footnotes":""},"class_list":["post-3","page","type-page","status-publish","hentry"],"yoast_head":"<!-- This site is optimized with the Yoast SEO plugin v25.5 - https:\/\/yoast.com\/wordpress\/plugins\/seo\/ -->\n<title>Datenschutz - ORCA van Loon<\/title>\n<meta name=\"robots\" content=\"noindex, nofollow\" \/>\n<meta property=\"og:locale\" content=\"en_US\" \/>\n<meta property=\"og:type\" content=\"article\" \/>\n<meta property=\"og:title\" content=\"Datenschutz - ORCA van Loon\" \/>\n<meta property=\"og:url\" content=\"https:\/\/orcavanloon.de\/en_en\/datenschutz\/\" \/>\n<meta property=\"og:site_name\" content=\"ORCA van Loon\" \/>\n<meta property=\"article:modified_time\" content=\"2025-07-31T15:35:37+00:00\" \/>\n<meta name=\"twitter:card\" content=\"summary_large_image\" \/>\n<meta name=\"twitter:label1\" content=\"Est. reading time\" \/>\n\t<meta name=\"twitter:data1\" content=\"22 minutes\" \/>\n<script type=\"application\/ld+json\" class=\"yoast-schema-graph\">{\"@context\":\"https:\/\/schema.org\",\"@graph\":[{\"@type\":\"WebPage\",\"@id\":\"https:\/\/orcavanloon.de\/datenschutz\/\",\"url\":\"https:\/\/orcavanloon.de\/datenschutz\/\",\"name\":\"Datenschutz - ORCA van Loon\",\"isPartOf\":{\"@id\":\"https:\/\/orcavanloon.de\/#website\"},\"datePublished\":\"2023-01-18T12:32:10+00:00\",\"dateModified\":\"2025-07-31T15:35:37+00:00\",\"breadcrumb\":{\"@id\":\"https:\/\/orcavanloon.de\/datenschutz\/#breadcrumb\"},\"inLanguage\":\"en-US\",\"potentialAction\":[{\"@type\":\"ReadAction\",\"target\":[\"https:\/\/orcavanloon.de\/datenschutz\/\"]}]},{\"@type\":\"BreadcrumbList\",\"@id\":\"https:\/\/orcavanloon.de\/datenschutz\/#breadcrumb\",\"itemListElement\":[{\"@type\":\"ListItem\",\"position\":1,\"name\":\"Startseite\",\"item\":\"https:\/\/orcavanloon.de\/\"},{\"@type\":\"ListItem\",\"position\":2,\"name\":\"Datenschutz\"}]},{\"@type\":\"WebSite\",\"@id\":\"https:\/\/orcavanloon.de\/#website\",\"url\":\"https:\/\/orcavanloon.de\/\",\"name\":\"ORCA van Loon\",\"description\":\"Next Generation Corporate\",\"publisher\":{\"@id\":\"https:\/\/orcavanloon.de\/#organization\"},\"alternateName\":\"OvL\",\"potentialAction\":[{\"@type\":\"SearchAction\",\"target\":{\"@type\":\"EntryPoint\",\"urlTemplate\":\"https:\/\/orcavanloon.de\/?s={search_term_string}\"},\"query-input\":{\"@type\":\"PropertyValueSpecification\",\"valueRequired\":true,\"valueName\":\"search_term_string\"}}],\"inLanguage\":\"en-US\"},{\"@type\":\"Organization\",\"@id\":\"https:\/\/orcavanloon.de\/#organization\",\"name\":\"ORCA van Loon Communications\",\"url\":\"https:\/\/orcavanloon.de\/\",\"logo\":{\"@type\":\"ImageObject\",\"inLanguage\":\"en-US\",\"@id\":\"https:\/\/orcavanloon.de\/#\/schema\/logo\/image\/\",\"url\":\"https:\/\/orcavanloon.de\/wp-content\/uploads\/2025\/01\/OvL_Black_150px.png\",\"contentUrl\":\"https:\/\/orcavanloon.de\/wp-content\/uploads\/2025\/01\/OvL_Black_150px.png\",\"width\":150,\"height\":150,\"caption\":\"ORCA van Loon Communications\"},\"image\":{\"@id\":\"https:\/\/orcavanloon.de\/#\/schema\/logo\/image\/\"}}]}<\/script>\n<!-- \/ Yoast SEO plugin. -->","yoast_head_json":{"title":"Datenschutz - ORCA van Loon","robots":{"index":"noindex","follow":"nofollow"},"og_locale":"en_US","og_type":"article","og_title":"Datenschutz - ORCA van Loon","og_url":"https:\/\/orcavanloon.de\/en_en\/datenschutz\/","og_site_name":"ORCA van Loon","article_modified_time":"2025-07-31T15:35:37+00:00","twitter_card":"summary_large_image","twitter_misc":{"Est. reading time":"22 minutes"},"schema":{"@context":"https:\/\/schema.org","@graph":[{"@type":"WebPage","@id":"https:\/\/orcavanloon.de\/datenschutz\/","url":"https:\/\/orcavanloon.de\/datenschutz\/","name":"Datenschutz - ORCA van Loon","isPartOf":{"@id":"https:\/\/orcavanloon.de\/#website"},"datePublished":"2023-01-18T12:32:10+00:00","dateModified":"2025-07-31T15:35:37+00:00","breadcrumb":{"@id":"https:\/\/orcavanloon.de\/datenschutz\/#breadcrumb"},"inLanguage":"en-US","potentialAction":[{"@type":"ReadAction","target":["https:\/\/orcavanloon.de\/datenschutz\/"]}]},{"@type":"BreadcrumbList","@id":"https:\/\/orcavanloon.de\/datenschutz\/#breadcrumb","itemListElement":[{"@type":"ListItem","position":1,"name":"Startseite","item":"https:\/\/orcavanloon.de\/"},{"@type":"ListItem","position":2,"name":"Datenschutz"}]},{"@type":"WebSite","@id":"https:\/\/orcavanloon.de\/#website","url":"https:\/\/orcavanloon.de\/","name":"ORCA van Loon","description":"Next Generation Corporate","publisher":{"@id":"https:\/\/orcavanloon.de\/#organization"},"alternateName":"OvL","potentialAction":[{"@type":"SearchAction","target":{"@type":"EntryPoint","urlTemplate":"https:\/\/orcavanloon.de\/?s={search_term_string}"},"query-input":{"@type":"PropertyValueSpecification","valueRequired":true,"valueName":"search_term_string"}}],"inLanguage":"en-US"},{"@type":"Organization","@id":"https:\/\/orcavanloon.de\/#organization","name":"ORCA van Loon Communications","url":"https:\/\/orcavanloon.de\/","logo":{"@type":"ImageObject","inLanguage":"en-US","@id":"https:\/\/orcavanloon.de\/#\/schema\/logo\/image\/","url":"https:\/\/orcavanloon.de\/wp-content\/uploads\/2025\/01\/OvL_Black_150px.png","contentUrl":"https:\/\/orcavanloon.de\/wp-content\/uploads\/2025\/01\/OvL_Black_150px.png","width":150,"height":150,"caption":"ORCA van Loon Communications"},"image":{"@id":"https:\/\/orcavanloon.de\/#\/schema\/logo\/image\/"}}]}},"_links":{"self":[{"href":"https:\/\/orcavanloon.de\/en_en\/wp-json\/wp\/v2\/pages\/3","targetHints":{"allow":["GET"]}}],"collection":[{"href":"https:\/\/orcavanloon.de\/en_en\/wp-json\/wp\/v2\/pages"}],"about":[{"href":"https:\/\/orcavanloon.de\/en_en\/wp-json\/wp\/v2\/types\/page"}],"author":[{"embeddable":true,"href":"https:\/\/orcavanloon.de\/en_en\/wp-json\/wp\/v2\/users\/6"}],"replies":[{"embeddable":true,"href":"https:\/\/orcavanloon.de\/en_en\/wp-json\/wp\/v2\/comments?post=3"}],"version-history":[{"count":0,"href":"https:\/\/orcavanloon.de\/en_en\/wp-json\/wp\/v2\/pages\/3\/revisions"}],"wp:attachment":[{"href":"https:\/\/orcavanloon.de\/en_en\/wp-json\/wp\/v2\/media?parent=3"}],"curies":[{"name":"wp","href":"https:\/\/api.w.org\/{rel}","templated":true}]}}